{"id":286,"date":"2018-11-05T15:55:59","date_gmt":"2018-11-05T14:55:59","guid":{"rendered":"https:\/\/www.usf-an.pt\/academia-csp\/?page_id=286"},"modified":"2018-11-06T11:55:43","modified_gmt":"2018-11-06T10:55:43","slug":"andre-vieira-da-silva","status":"publish","type":"page","link":"https:\/\/www.usf-an.pt\/academia-csp\/andre-vieira-da-silva\/","title":{"rendered":"Andr\u00e9 Vieira da Silva"},"content":{"rendered":"<div class=\"wpb-content-wrapper\"><p>[vc_row][vc_column][vc_column_text]<strong><img loading=\"lazy\" decoding=\"async\" class=\"aligncenter wp-image-371 size-thumbnail\" src=\"https:\/\/www.usf-an.pt\/academia-csp\/wp-content\/uploads\/2018\/11\/andre-150x150.png\" alt=\"\" width=\"150\" height=\"150\" srcset=\"https:\/\/www.usf-an.pt\/academia-csp\/wp-content\/uploads\/2018\/11\/andre-150x150.png 150w, https:\/\/www.usf-an.pt\/academia-csp\/wp-content\/uploads\/2018\/11\/andre-300x299.png 300w, https:\/\/www.usf-an.pt\/academia-csp\/wp-content\/uploads\/2018\/11\/andre.png 301w\" sizes=\"auto, (max-width: 150px) 100vw, 150px\" \/><\/strong><\/p>\n<p><strong>Andr\u00e9 Vieira da Silva<\/strong>\u00a0(1988) \u2013 Colaborador da USF-AN; desenvolve atividades relacionadas com a organiza\u00e7\u00e3o e gest\u00e3o de projetos da USF-AN, dando igualmente apoio \u00e0 atividade da Dire\u00e7\u00e3o; \u00e9 respons\u00e1vel pela gest\u00e3o da Academia dos CSP.<\/p>\n<p>&nbsp;<\/p>\n<p><strong><u>NOTA PESSOAL<\/u><\/strong><\/p>\n<p><strong>Quest\u00e3o:<\/strong>\u00a0&#8220;Como pode a ACSP contribuir para o desenvolvimento dos CSP?&#8221;<br \/>\n<strong>Resposta:<\/strong>\u00a0&#8220;\u00c9 na rede alargada de partilha, conhecimento e conv\u00edvio que emergem as mudan\u00e7as de comportamentos. Com um modelo pr\u00f3ximo que ao mesmo tempo n\u00e3o se esgota pela dist\u00e2ncia, uma vez que \u00e9 apoiado pela componente <em>online<\/em>, garantimos a cont\u00ednua inter-rela\u00e7\u00e3o profissional. Tudo conjugado, obviamente desenvolve os CSP, promovendo a sa\u00fade dos portugueses.&#8221;[\/vc_column_text][\/vc_column][\/vc_row]<\/p>\n<\/div>","protected":false},"excerpt":{"rendered":"<p>[vc_row][vc_column][vc_column_text] Andr\u00e9 Vieira da Silva\u00a0(1988) \u2013 Colaborador da USF-AN; desenvolve atividades relacionadas com a organiza\u00e7\u00e3o e gest\u00e3o de projetos da USF-AN, dando igualmente apoio \u00e0 atividade da Dire\u00e7\u00e3o; \u00e9 respons\u00e1vel&#8230;<\/p>\n","protected":false},"author":1,"featured_media":371,"parent":0,"menu_order":0,"comment_status":"closed","ping_status":"closed","template":"","meta":{"footnotes":""},"class_list":["post-286","page","type-page","status-publish","has-post-thumbnail","hentry"],"aioseo_notices":[],"_links":{"self":[{"href":"https:\/\/www.usf-an.pt\/academia-csp\/wp-json\/wp\/v2\/pages\/286","targetHints":{"allow":["GET"]}}],"collection":[{"href":"https:\/\/www.usf-an.pt\/academia-csp\/wp-json\/wp\/v2\/pages"}],"about":[{"href":"https:\/\/www.usf-an.pt\/academia-csp\/wp-json\/wp\/v2\/types\/page"}],"author":[{"embeddable":true,"href":"https:\/\/www.usf-an.pt\/academia-csp\/wp-json\/wp\/v2\/users\/1"}],"replies":[{"embeddable":true,"href":"https:\/\/www.usf-an.pt\/academia-csp\/wp-json\/wp\/v2\/comments?post=286"}],"version-history":[{"count":2,"href":"https:\/\/www.usf-an.pt\/academia-csp\/wp-json\/wp\/v2\/pages\/286\/revisions"}],"predecessor-version":[{"id":372,"href":"https:\/\/www.usf-an.pt\/academia-csp\/wp-json\/wp\/v2\/pages\/286\/revisions\/372"}],"wp:featuredmedia":[{"embeddable":true,"href":"https:\/\/www.usf-an.pt\/academia-csp\/wp-json\/wp\/v2\/media\/371"}],"wp:attachment":[{"href":"https:\/\/www.usf-an.pt\/academia-csp\/wp-json\/wp\/v2\/media?parent=286"}],"curies":[{"name":"wp","href":"https:\/\/api.w.org\/{rel}","templated":true}]}}