{"id":23,"date":"2018-08-08T12:37:46","date_gmt":"2018-08-08T11:37:46","guid":{"rendered":"https:\/\/www.usf-an.pt\/academia-csp\/?page_id=23"},"modified":"2019-12-16T13:02:13","modified_gmt":"2019-12-16T12:02:13","slug":"3a-edicao-2019","status":"publish","type":"page","link":"https:\/\/www.usf-an.pt\/academia-csp\/edicoes-acsp\/3a-edicao-2019\/","title":{"rendered":"3\u00aa Edi\u00e7\u00e3o 2019"},"content":{"rendered":"<div class=\"wpb-content-wrapper\"><p>[vc_row full_width=&#8221;stretch_row_content&#8221;][vc_column][vc_column_text]<img loading=\"lazy\" decoding=\"async\" class=\"alignnone wp-image-538 size-full\" src=\"https:\/\/www.usf-an.pt\/academia-csp\/wp-content\/uploads\/2019\/01\/Pre\u0301mios-01.png\" alt=\"\" width=\"5157\" height=\"1371\" srcset=\"https:\/\/www.usf-an.pt\/academia-csp\/wp-content\/uploads\/2019\/01\/Pre\u0301mios-01.png 5157w, https:\/\/www.usf-an.pt\/academia-csp\/wp-content\/uploads\/2019\/01\/Pre\u0301mios-01-300x80.png 300w, https:\/\/www.usf-an.pt\/academia-csp\/wp-content\/uploads\/2019\/01\/Pre\u0301mios-01-768x204.png 768w, https:\/\/www.usf-an.pt\/academia-csp\/wp-content\/uploads\/2019\/01\/Pre\u0301mios-01-1024x272.png 1024w\" sizes=\"auto, (max-width: 5157px) 100vw, 5157px\" \/>[\/vc_column_text][\/vc_column][\/vc_row][vc_row][vc_column][vc_column_text]Foi com satisfa\u00e7\u00e3o que a USF-AN realizou mais uma edi\u00e7\u00e3o da Academia dos CSP. Nos <strong>dias 7 e 8 de fevereiro de 2019<\/strong> constru\u00edmos um espa\u00e7o formativo de excel\u00eancia, com cerca de 170 formados e 15 formadores.<\/p>\n<p>Foi um espa\u00e7o formativo, \u00e0 semelhan\u00e7a das edi\u00e7\u00f5es anteriores, incontorn\u00e1vel e \u00fanico no nos CSP, com uma dimens\u00e3o multiprofissional e transgeracional, que contou com in\u00fameros profissionais M\u00e9dicos, Enfermeiros e Secret\u00e1rios Cl\u00ednicos e diversas personalidades de destaque no SNS.<\/p>\n<p>J\u00e1 finalizamos a <strong>3\u00aa Fase: Trabalho Pr\u00e1tico com Acompanhamento \u00e0 Dist\u00e2ncia<\/strong> (online), na qual os formandos partiram das aprendizagens adquiridas para implementarem \u201cmudan\u00e7as de comportamento\u201d nas suas Unidades.<\/p>\n<p>Realizamos a<strong> Apresenta\u00e7\u00e3o P\u00fablica, <\/strong>no passado dia 13 de dezembro na Escola Superior de Sa\u00fade da Universidade de Aveiro<strong>. <\/strong>Conhe\u00e7a o programa. <a href=\"https:\/\/app.box.com\/s\/fycp8po6vvnx1chikotgjbbtbfgde4pa\" target=\"_blank\" rel=\"noopener\"><img loading=\"lazy\" decoding=\"async\" class=\"alignnone size-full wp-image-77\" src=\"https:\/\/www.usf-an.pt\/academia-csp\/wp-content\/uploads\/2018\/09\/pdf20.png\" alt=\"\" width=\"20\" height=\"20\" \/><\/a><\/p>\n<p>Tivemos tamb\u00e9m <a href=\"https:\/\/app.box.com\/s\/ntl3micw05px7w9za8pr7rncauwefo80\" target=\"_blank\" rel=\"noopener\">pr\u00e9mios<\/a> para os trabalhos apresentados!<\/p>\n<h3><span style=\"color: #bf0808;\"><strong>TRABALHOS APRESENTADOS\/PREMIADOS:<\/strong><\/span><\/h3>\n<p><strong><span style=\"color: #bf0808;\">1\u00ba Pr\u00e9mio<\/span><\/strong><\/p>\n<ul>\n<li>\n<h3><strong><i>Promo\u00e7\u00e3o da literacia em sa\u00fade na consulta aberta de uma USF<\/i><\/strong><\/h3>\n<\/li>\n<\/ul>\n<p>Autores: Carina Pereira, Edgar Ros\u00e1rio, Joana Casanova, Maria Jos\u00e9 Teixeira, Susana Ribeira e T\u00e2nia Moreira (USF Oceanos)<\/p>\n<p><strong>CAF:\u00a0<i>BI-CSP \u2013 GOVERNA\u00c7\u00c3O CL\u00cdNICA, PAUF, CONTRATUALIZA\u00c7\u00c3O, MONITORIZA\u00c7\u00c3O E TRATAMENTO DE DADOS<\/i><\/strong><\/p>\n<p><em>*Trabalho e apresenta\u00e7\u00e3o dispon\u00edveis.\u00a0<a href=\"https:\/\/app.box.com\/s\/p2ko8pcc7mr7cxcyewega4m5rmy0apau\" target=\"_blank\" rel=\"noopener\"><img loading=\"lazy\" decoding=\"async\" class=\"alignnone size-full wp-image-77\" src=\"https:\/\/www.usf-an.pt\/academia-csp\/wp-content\/uploads\/2018\/09\/pdf20.png\" alt=\"\" width=\"20\" height=\"20\" \/><\/a><\/em><\/p>\n<p><span style=\"color: #bf0808;\"><strong>2\u00ba Pr\u00e9mio<\/strong><\/span><\/p>\n<ul>\n<li>\n<h3><strong><i>Qualifica\u00e7\u00e3o da prescri\u00e7\u00e3o de tiras reativas de pesquisa de glic\u00e9mia &#8211; Exemplos de &#8220;Boas Pr\u00e1ticas<\/i><\/strong><\/h3>\n<\/li>\n<\/ul>\n<p>Autores: Concei\u00e7\u00e3o Maia , Elisabete Carreira, Lara Cabral, Mariana Barreto, Rafael Henriques e Rui Grand\u00e3o (USF Briosa)<\/p>\n<p><strong>CAF:\u00a0<i>ESTRAT\u00c9GIAS DE GOVERNA\u00c7\u00c3O CL\u00cdNICA<\/i><\/strong><\/p>\n<p><em>*Trabalho e apresenta\u00e7\u00e3o dispon\u00edveis.\u00a0<a href=\"https:\/\/app.box.com\/s\/8vu3l7h748o3u9m855yhg6d5qmigolzv\" target=\"_blank\" rel=\"noopener\"><img loading=\"lazy\" decoding=\"async\" class=\"alignnone size-full wp-image-77\" src=\"https:\/\/www.usf-an.pt\/academia-csp\/wp-content\/uploads\/2018\/09\/pdf20.png\" alt=\"\" width=\"20\" height=\"20\" \/><\/a><\/em><\/p>\n<p><span style=\"color: #bf0808;\"><strong>3\u00ba Pr\u00e9mio<\/strong><\/span><\/p>\n<ul>\n<li>\n<h3><strong><i>Qualificar a prescri\u00e7\u00e3o e melhorar a efici\u00eancia no tratamento da Diabetes mellitus tipo 2<\/i><\/strong><\/h3>\n<\/li>\n<\/ul>\n<p>Autores: Helena Duarte, Margarida Marques Mano, Cl\u00e1udia Silva, Jo\u00e3o Neto, Marta Costa e Rita Santos (USF Montemuro)<\/p>\n<p><strong>CAF:\u00a0<i>ESTRAT\u00c9GIAS DE GOVERNA\u00c7\u00c3O CL\u00cdNICA<\/i><\/strong><\/p>\n<p><em>*Trabalho e apresenta\u00e7\u00e3o dispon\u00edveis.\u00a0<a href=\"https:\/\/app.box.com\/s\/0aexp1kmkiwevhbnzg24pr9v6jwdh3ko\" target=\"_blank\" rel=\"noopener\"><img loading=\"lazy\" decoding=\"async\" class=\"alignnone size-full wp-image-77\" src=\"https:\/\/www.usf-an.pt\/academia-csp\/wp-content\/uploads\/2018\/09\/pdf20.png\" alt=\"\" width=\"20\" height=\"20\" \/><\/a><\/em><\/p>\n<p><strong><span style=\"color: #bf0808;\">Restantes premiados<\/span><br \/>\n<\/strong><\/p>\n<ul>\n<li>\n<h3><strong><em>Reunir para Unir<\/em><\/strong><\/h3>\n<\/li>\n<\/ul>\n<p>Autores: Ana Rita Liisa, Pedro David e Nuno Ferreira (USF Monte Pedral)<\/p>\n<p><strong>CAF: <em>GEST\u00c3O DO TEMPO E ORGANIZA\u00c7\u00c3O DE TRABALHO<\/em><\/strong><\/p>\n<p><em>*Trabalho e apresenta\u00e7\u00e3o dispon\u00edveis.\u00a0<a href=\"https:\/\/app.box.com\/s\/17wpjm6fj2ui2rxcqje7rw92j6rhbcd2\" target=\"_blank\" rel=\"noopener\"><img loading=\"lazy\" decoding=\"async\" class=\"alignnone size-full wp-image-77\" src=\"https:\/\/www.usf-an.pt\/academia-csp\/wp-content\/uploads\/2018\/09\/pdf20.png\" alt=\"\" width=\"20\" height=\"20\" \/><\/a><\/em><\/p>\n<ul>\n<li>\n<h3><i>\u201c<strong>ReStART\u201d &#8211; Reducing Sitting At woRk Time<\/strong><\/i><\/h3>\n<\/li>\n<\/ul>\n<p>Autores: Bruna Guimar\u00e3es, Diogo Pereira, Elvira Sampaio, Filipa Martins, Liliana Silva (USF Serpa Pinto)<\/p>\n<p><strong>CAF:\u00a0<i>PROMO\u00c7\u00c3O DA ATIVIDADE F\u00cdSICA: UMA APOSTA PARA GANHAR SA\u00daDE<\/i><\/strong><\/p>\n<p><em>*Trabalho e apresenta\u00e7\u00e3o dispon\u00edveis.\u00a0<a href=\"https:\/\/app.box.com\/s\/7ngsvuovutq8tzlq6dxrcfn8wu9myn9f\" target=\"_blank\" rel=\"noopener\"><img loading=\"lazy\" decoding=\"async\" class=\"alignnone size-full wp-image-77\" src=\"https:\/\/www.usf-an.pt\/academia-csp\/wp-content\/uploads\/2018\/09\/pdf20.png\" alt=\"\" width=\"20\" height=\"20\" \/><\/a><\/em><\/p>\n<ul>\n<li>\n<h3><strong><i>Acessibilidade \u00e0 Consulta N\u00e3o Programada<\/i><\/strong><\/h3>\n<\/li>\n<\/ul>\n<p>Autores: Joana Laranjo, C\u00e1tia Lopes, Marisa Carvalho e Vanessa Melo (USF Mais Sa\u00fade)<\/p>\n<p><strong>CAF:\u00a0<i>ESTRAT\u00c9GIAS DE GOVERNA\u00c7\u00c3O CL\u00cdNICA<\/i><\/strong><\/p>\n<p><em>*Trabalho e apresenta\u00e7\u00e3o dispon\u00edveis.\u00a0<a href=\"https:\/\/app.box.com\/s\/0lthbxiak283lcdrwdhhewe53uurz0y6\" target=\"_blank\" rel=\"noopener\"><img loading=\"lazy\" decoding=\"async\" class=\"alignnone size-full wp-image-77\" src=\"https:\/\/www.usf-an.pt\/academia-csp\/wp-content\/uploads\/2018\/09\/pdf20.png\" alt=\"\" width=\"20\" height=\"20\" \/><\/a><\/em><\/p>\n<ul>\n<li>\n<h3><i>\u201c<\/i><strong><i>Arrumar a casa rumo \u00e0 acredita\u00e7\u00e3o\u201d &#8211; organiza\u00e7\u00e3o da informa\u00e7\u00e3o documentada em formato digital&#8221;<\/i><\/strong><\/h3>\n<\/li>\n<\/ul>\n<p>Autores: Genialda Ventura, Gisela Cerqueira (USF Porto Centro)<\/p>\n<p><strong>CAF:\u00a0<i>CICLO DE MELHORIA CONT\u00cdNUA NUMA USF E ACREDITA\u00c7\u00c3O<\/i><\/strong><\/p>\n<p><em>*Trabalho e apresenta\u00e7\u00e3o dispon\u00edveis.\u00a0<a href=\"https:\/\/app.box.com\/s\/banvqdm1nbojbhvlu2hincbiuyj606vy\" target=\"_blank\" rel=\"noopener\"><img loading=\"lazy\" decoding=\"async\" class=\"alignnone size-full wp-image-77\" src=\"https:\/\/www.usf-an.pt\/academia-csp\/wp-content\/uploads\/2018\/09\/pdf20.png\" alt=\"\" width=\"20\" height=\"20\" \/><\/a><\/em><\/p>\n<p>Parabenizamos todos os autores, agradecendo a participa\u00e7\u00e3o!<\/p>\n<p>Recorde a apresenta\u00e7\u00e3o dos trabalhos.<\/p>\n<p><iframe loading=\"lazy\" style=\"border: none; overflow: hidden;\" src=\"https:\/\/www.facebook.com\/plugins\/post.php?href=https%3A%2F%2Fwww.facebook.com%2FUSFAN%2Fposts%2F3306193799422935&amp;width=500\" width=\"500\" height=\"734\" frameborder=\"0\" scrolling=\"no\"><\/iframe>[\/vc_column_text][\/vc_column][\/vc_row][vc_row][vc_column][vc_custom_heading text=&#8221;SPONSORSHIP&#8221; font_container=&#8221;tag:h3|text_align:left|color:%23dd3333&#8243; use_theme_fonts=&#8221;yes&#8221;][\/vc_column][\/vc_row][vc_row][vc_column width=&#8221;1\/6&#8243;][vc_column_text]<img loading=\"lazy\" decoding=\"async\" class=\"alignnone size-full wp-image-539\" src=\"https:\/\/www.usf-an.pt\/academia-csp\/wp-content\/uploads\/2019\/01\/msd.png\" alt=\"\" width=\"150\" height=\"150\" \/>[\/vc_column_text][\/vc_column][vc_column width=&#8221;1\/6&#8243;][\/vc_column][vc_column width=&#8221;1\/6&#8243;][\/vc_column][\/vc_row]<\/p>\n<\/div>","protected":false},"excerpt":{"rendered":"<p>[vc_row full_width=&#8221;stretch_row_content&#8221;][vc_column][vc_column_text][\/vc_column_text][\/vc_column][\/vc_row][vc_row][vc_column][vc_column_text]Foi com satisfa\u00e7\u00e3o que a USF-AN realizou mais uma edi\u00e7\u00e3o da Academia dos CSP. Nos dias 7 e 8 de fevereiro de 2019 constru\u00edmos um espa\u00e7o formativo de excel\u00eancia,&#8230;<\/p>\n","protected":false},"author":1,"featured_media":0,"parent":15,"menu_order":0,"comment_status":"closed","ping_status":"closed","template":"","meta":{"footnotes":""},"class_list":["post-23","page","type-page","status-publish","hentry"],"aioseo_notices":[],"_links":{"self":[{"href":"https:\/\/www.usf-an.pt\/academia-csp\/wp-json\/wp\/v2\/pages\/23","targetHints":{"allow":["GET"]}}],"collection":[{"href":"https:\/\/www.usf-an.pt\/academia-csp\/wp-json\/wp\/v2\/pages"}],"about":[{"href":"https:\/\/www.usf-an.pt\/academia-csp\/wp-json\/wp\/v2\/types\/page"}],"author":[{"embeddable":true,"href":"https:\/\/www.usf-an.pt\/academia-csp\/wp-json\/wp\/v2\/users\/1"}],"replies":[{"embeddable":true,"href":"https:\/\/www.usf-an.pt\/academia-csp\/wp-json\/wp\/v2\/comments?post=23"}],"version-history":[{"count":5,"href":"https:\/\/www.usf-an.pt\/academia-csp\/wp-json\/wp\/v2\/pages\/23\/revisions"}],"predecessor-version":[{"id":654,"href":"https:\/\/www.usf-an.pt\/academia-csp\/wp-json\/wp\/v2\/pages\/23\/revisions\/654"}],"up":[{"embeddable":true,"href":"https:\/\/www.usf-an.pt\/academia-csp\/wp-json\/wp\/v2\/pages\/15"}],"wp:attachment":[{"href":"https:\/\/www.usf-an.pt\/academia-csp\/wp-json\/wp\/v2\/media?parent=23"}],"curies":[{"name":"wp","href":"https:\/\/api.w.org\/{rel}","templated":true}]}}