{"id":21,"date":"2018-08-08T12:37:28","date_gmt":"2018-08-08T11:37:28","guid":{"rendered":"https:\/\/www.usf-an.pt\/academia-csp\/?page_id=21"},"modified":"2018-09-06T17:03:08","modified_gmt":"2018-09-06T16:03:08","slug":"2a-edicao-2017","status":"publish","type":"page","link":"https:\/\/www.usf-an.pt\/academia-csp\/edicoes-acsp\/2a-edicao-2017\/","title":{"rendered":"2\u00aa Edi\u00e7\u00e3o 2017"},"content":{"rendered":"<p align=\"center\"><img loading=\"lazy\" decoding=\"async\" class=\"size-full wp-image-74 aligncenter\" src=\"https:\/\/www.usf-an.pt\/academia-csp\/wp-content\/uploads\/2018\/09\/images-destaues-acsp-2017-trabalhos-e1513783591443.png\" alt=\"\" width=\"270\" height=\"145\" \/><\/p>\n<h2>Apresenta\u00e7\u00e3o P\u00fablica dos 10 melhores Trabalhos | 15 de dezembro | Aveiro<\/h2>\n<p><strong>Recorde os Cursos Avan\u00e7ados de Forma\u00e7\u00e3o (CAF) desenvolvidos e respetivos programas <a href=\"https:\/\/www.usf-an.pt\/iniciativas\/encontro-nacional\/9o-encontro-nacional-das-usf\/academia-dos-csp\/\">aqui<\/a>.<\/strong><\/p>\n<p>A Dire\u00e7\u00e3o da USF-AN <strong>realizou <\/strong>a <strong>Apresenta\u00e7\u00e3o P\u00fablica dos Dez (10) melhores Trabalhos da Academia dos CSP &#8211; 2017 <\/strong>e entrega de pr\u00e9mios aos sete (7) melhores, na<strong> Escola Superior de Sa\u00fade da Universidade de Aveiro, <\/strong>no dia<strong> 15 de dezembro<\/strong>, das<strong> 15h \u00e0s 19h<\/strong>.<\/p>\n<p>A Academia dos Cuidados de Sa\u00fade Prim\u00e1rios (ACSP) \u00e9 um parceiro, um <strong>espa\u00e7o colaborativo de aprendizagem<\/strong>, de cidadania, <strong>promotor do desenvolvimento<\/strong> e do reconhecimento dos conhecimentos, das qualifica\u00e7\u00f5es e das pr\u00e1ticas dos Recursos Humanos e das Equipas dos CSP, e uma vez mais demonstrou ser uma oportunidade para o desenvolvimento integrado dos profissionais inscritos nos 14 Cursos Avan\u00e7ados de Forma\u00e7\u00e3o (CAF) desenvolvidos.<\/p>\n<p>Desta forma, <strong>fechando mais um ciclo formativo da 2\u00aa edi\u00e7\u00e3o da ACSP<\/strong> que arrancou no 9\u00baEncontro Nacional das USF, <strong>chegou a hora de publicamente apresentar os trabalhos desenvolvidos (10 melhores)<\/strong> pelos profissionais de sa\u00fade que participaram nesta edi\u00e7\u00e3o.<\/p>\n<p>De Acordo com o J\u00fari constitu\u00eddo para o efeito, foram atribu\u00eddos os seguintes <a href=\"https:\/\/app.box.com\/s\/nta08yf13l2osu7n4gwv0980pwjqbky2\" target=\"_blank\" rel=\"noopener noreferrer\">pr\u00e9mios<\/a>:<\/p>\n<h4>&nbsp;<\/h4>\n<h4><strong><em>1\u00ba PR\u00c9MIO<\/em> &#8211; CAF 09 &#8211; INTEGRA\u00c7\u00c3O DE CUIDADOS E LITERACIA EM SA\u00daDE-\u201cSNS + PROXIMIDADE\u201d<\/strong><\/h4>\n<p><strong>TRABALHO:<\/strong> Com.Rede \u2013 COMUNICA\u00c7\u00c3O EM REDE <a href=\"https:\/\/app.box.com\/s\/ayhjvhpb3bgqh7rqpjgfcrwjoi3mybj4\" target=\"_blank\" rel=\"noopener noreferrer\"><img loading=\"lazy\" decoding=\"async\" class=\"alignnone size-full wp-image-1557\" src=\"https:\/\/www.usf-an.pt\/academia-csp\/wp-content\/uploads\/2018\/09\/pdf20.png\" alt=\"\" width=\"20\" height=\"20\" \/><\/a><\/p>\n<p><strong>AUTORES:<\/strong> Am\u00e9lia Tom\u00e1s, Carina Pereira, C\u00e9lia Carvalho, Joana Le\u00e3o, Lu\u00eds Silva, M\u00e1rcia Pereira Leite, Patr\u00edcia Ferreira, Paulo Renato Guedes, Rita Meireles Pedro, Susana Ribeira<strong> &#8211;\u00a0<\/strong>USF Horizonte, USF Oceanos, ACeS de Matosinhos<\/p>\n<h4>&nbsp;<\/h4>\n<h4><strong><em>2\u00ba PR\u00c9MIO<\/em> &#8211; CAF 03 &#8211; <span class=\"hotkey-layer \" data-reactroot=\"\">ABORDAGEM DE PERTURBA\u00c7\u00d5ES MENTAIS NUMA USF OU UCSP<\/span><\/strong><\/h4>\n<p><strong>TRABALHO:<\/strong> Desprescri\u00e7\u00e3o de benzodiazepinas na popula\u00e7\u00e3o idosa nos Cuidados de Sa\u00fade Prim\u00e1rios <a href=\"https:\/\/app.box.com\/s\/ea2jogxpmg8r2cjk9y257ibnb3ezhbte\" target=\"_blank\" rel=\"noopener noreferrer\"><img loading=\"lazy\" decoding=\"async\" class=\"alignnone size-full wp-image-1557\" src=\"https:\/\/www.usf-an.pt\/academia-csp\/wp-content\/uploads\/2018\/09\/pdf20.png\" alt=\"\" width=\"20\" height=\"20\" \/><\/a><\/p>\n<p><strong>AUTORES:<\/strong> Liliana Silva, Ana Lu\u00edsa Esteves, Diogo Dias da Silva<strong> &#8211; <\/strong>USF Serpa Pinto<\/p>\n<h4>&nbsp;<\/h4>\n<h4><strong><em>3\u00ba PR\u00c9MIO<\/em> &#8211; CAF 11 &#8211;\u00a0<span class=\"hotkey-layer \" data-reactroot=\"\">CONTRATUALIZA\u00c7\u00c3O E GEST\u00c3O DE PROCESSOS NUMA USF<\/span><\/strong><\/h4>\n<p><strong>TRABALHO:<\/strong> Desenvolvimento de mapa de processos e processo de gest\u00e3o documental numa USF <a href=\"https:\/\/app.box.com\/s\/ermyrfhwlzkoyqnstygcllypf0cehjys\" target=\"_blank\" rel=\"noopener noreferrer\"><img loading=\"lazy\" decoding=\"async\" class=\"alignnone size-full wp-image-1557\" src=\"https:\/\/www.usf-an.pt\/academia-csp\/wp-content\/uploads\/2018\/09\/pdf20.png\" alt=\"\" width=\"20\" height=\"20\" \/><\/a><\/p>\n<p><strong>AUTORES:<\/strong> Filipe Pereira, Carolina Augusto, Maria Cavaco, Concei\u00e7\u00e3o Cabral, Rosa Mota, Adelaide Mendes<strong> &#8211;\u00a0<\/strong>USF Costa de Prata<\/p>\n<h4>&nbsp;<\/h4>\n<h4><strong><em>4\u00ba PR\u00c9MIO<\/em> &#8211; CAF 03 &#8211; <span class=\"hotkey-layer \" data-reactroot=\"\">ABORDAGEM DE PERTURBA\u00c7\u00d5ES MENTAIS NUMA USF OU UCSP<\/span><\/strong><\/h4>\n<p><strong>TRABALHO:<\/strong> Estigma na Doen\u00e7a Mental <a href=\"https:\/\/app.box.com\/s\/9hlputipwoxvv7reghyjlxye58r31kfe\" target=\"_blank\" rel=\"noopener noreferrer\"><img loading=\"lazy\" decoding=\"async\" class=\"alignnone size-full wp-image-1557\" src=\"https:\/\/www.usf-an.pt\/academia-csp\/wp-content\/uploads\/2018\/09\/pdf20.png\" alt=\"\" width=\"20\" height=\"20\" \/><\/a><\/p>\n<p><strong>AUTORES:<\/strong> Cl\u00e1udia Pereira, Cristiana Amorim de Carvalho<strong> &#8211;\u00a0<\/strong>USF Gualtar<\/p>\n<h4>&nbsp;<\/h4>\n<h4><strong><em>5\u00ba PR\u00c9MIO<\/em> &#8211; CAF 10 &#8211;\u00a0<span class=\"hotkey-layer \" data-reactroot=\"\">COACHING, ORGANIZA\u00c7\u00d5ES POSITIVAS E LIDERAN\u00c7A DAS USF<\/span><\/strong><\/h4>\n<p><strong>TRABALHO:<\/strong> Motiva\u00e7\u00e3o \u2013 O caminho para ultrapassar obst\u00e1culos <a href=\"https:\/\/app.box.com\/s\/7or0x4qld7cdqvc3njdr3yl2ixqk00ww\" target=\"_blank\" rel=\"noopener noreferrer\"><img loading=\"lazy\" decoding=\"async\" class=\"alignnone size-full wp-image-1557\" src=\"https:\/\/www.usf-an.pt\/academia-csp\/wp-content\/uploads\/2018\/09\/pdf20.png\" alt=\"\" width=\"20\" height=\"20\" \/><\/a><\/p>\n<p><strong>AUTORES:<\/strong> Ana Rita Lisa, Nicole Marques, Nuno Melo Ferreira, Pedro David<strong> &#8211;\u00a0<\/strong>USF Monte Pedral<\/p>\n<h4>&nbsp;<\/h4>\n<h4><strong><em>6\u00ba PR\u00c9MIO<\/em> &#8211; CAF 15 &#8211; INTERVEN\u00c7\u00c3O NAS DOEN\u00c7AS DO COMPORTAMENTO(\u00c1LCOOL E TABACO) E PRESCRI\u00c7\u00c3O DA ATIVIDADE F\u00cdSICA<\/strong><\/h4>\n<p><strong>TRABALHO:<\/strong> ATIVIDADES SEDENT\u00c1RIAS EM CRIAN\u00c7AS EM IDADE ESCOLAR: Conhecer para intervir<\/p>\n<p><strong>AUTORES:<\/strong> Ana Vieira, Andr\u00e9 Fernandes, In\u00eas Esteves, Joana Oliveira, Pedro Marques<strong> &#8211;\u00a0<\/strong>USF Manuel Rocha Peixoto<\/p>\n<h4>&nbsp;<\/h4>\n<h4><strong><em>7\u00ba PR\u00c9MIO<\/em> &#8211; CAF 15 &#8211; INTERVEN\u00c7\u00c3O NAS DOEN\u00c7AS DO COMPORTAMENTO(\u00c1LCOOL E TABACO) E PRESCRI\u00c7\u00c3O DA ATIVIDADE F\u00cdSICA<\/strong><\/h4>\n<p><strong>TRABALHO:<\/strong> SEM TABACO &#8211; Uns minutos de interven\u00e7\u00e3o, por anos de vida sem tabaco <a href=\"https:\/\/app.box.com\/s\/9zopdsqwigms4ombocg2f0f8gcfmt0zr\" target=\"_blank\" rel=\"noopener noreferrer\"><img loading=\"lazy\" decoding=\"async\" class=\"alignnone size-full wp-image-1557\" src=\"https:\/\/www.usf-an.pt\/academia-csp\/wp-content\/uploads\/2018\/09\/pdf20.png\" alt=\"\" width=\"20\" height=\"20\" \/><\/a><\/p>\n<p><strong>AUTORES:<\/strong> Tatiana Clem\u00eancio, Maria Jo\u00e3o Marques, Ana Margarida Murteiro<strong> &#8211;\u00a0<\/strong>USF Santa Joana<\/p>\n<h4>&nbsp;<\/h4>\n<h4><strong><em>8\u00ba PR\u00c9MIO<\/em> &#8211; CAF 07 &#8211;\u00a0<span class=\"hotkey-layer \" data-reactroot=\"\">GOVERNA\u00c7\u00c3O CL\u00cdNICA E DE SA\u00daDE<\/span><\/strong><\/h4>\n<p><strong>TRABALHO:<\/strong> Defini\u00e7\u00e3o do Perfil de Compet\u00eancias (M\u00e9dicos, Enfermeiros, Secret\u00e1rios Cl\u00ednicos) e elabora\u00e7\u00e3o do plano de forma\u00e7\u00e3o da USF <a href=\"https:\/\/app.box.com\/s\/9fgfhyoolhfugovvwt8c9ts7u77xj6uk\" target=\"_blank\" rel=\"noopener noreferrer\"><img loading=\"lazy\" decoding=\"async\" class=\"alignnone size-full wp-image-1557\" src=\"https:\/\/www.usf-an.pt\/academia-csp\/wp-content\/uploads\/2018\/09\/pdf20.png\" alt=\"\" width=\"20\" height=\"20\" \/><\/a><\/p>\n<p><strong>AUTORES:<\/strong> Maria Alice Oliveira<strong> &#8211;\u00a0<\/strong>USF Terras de Santa Maria<\/p>\n<h4>&nbsp;<\/h4>\n<h4><strong><em>9\u00ba PR\u00c9MIO<\/em> &#8211; CAF 02 &#8211;\u00a0PESSOA COM DIABETES TIPO 2 NUMA EQUIPA DE SA\u00daDE (USF\/UCSP)<\/strong><\/h4>\n<p><strong>TRABALHO:<\/strong> P\u00c9 DIAB\u00c9TICO: Uma interven\u00e7\u00e3o global <a href=\"https:\/\/app.box.com\/s\/xm5szih16k9eg717jusfqan9djln5nnb\" target=\"_blank\" rel=\"noopener noreferrer\"><img loading=\"lazy\" decoding=\"async\" class=\"alignnone size-full wp-image-1557\" src=\"https:\/\/www.usf-an.pt\/academia-csp\/wp-content\/uploads\/2018\/09\/pdf20.png\" alt=\"\" width=\"20\" height=\"20\" \/><\/a><\/p>\n<p><strong>AUTORES:<\/strong> Cristiana Vila\u00e7a Fernandes, Lu\u00eds Pedro Sousa<strong> &#8211; <\/strong>USF Gualtar<\/p>\n<h4>&nbsp;<\/h4>\n<h4><strong><em>10\u00ba PR\u00c9MIO<\/em> &#8211; CAF 06 &#8211;\u00a0<span class=\"hotkey-layer \" data-reactroot=\"\">SIMULA\u00c7\u00c3O DE \u201cEMERG\u00caNCIAS CL\u00cdNICAS NAS USF\u201d<\/span><\/strong><\/h4>\n<p><strong>TRABALHO:<\/strong> Emerg\u00eancias numa USF <a href=\"https:\/\/app.box.com\/s\/fs40v2nqbuv5x7frde48yeaj3xzmzlfp\" target=\"_blank\" rel=\"noopener noreferrer\"><img loading=\"lazy\" decoding=\"async\" class=\"alignnone size-full wp-image-1557\" src=\"https:\/\/www.usf-an.pt\/academia-csp\/wp-content\/uploads\/2018\/09\/pdf20.png\" alt=\"\" width=\"20\" height=\"20\" \/><\/a><\/p>\n<p><strong>AUTORES:<\/strong> Ana Sofia Barbosa, Vera Ara\u00fajo<strong> &#8211;\u00a0<\/strong>USF Lethes<\/p>\n<p>Agradecemos a presen\u00e7a de todos!<\/p>\n<p><strong><em>O N\u00facleo Executivo da Academia dos CSP<\/em><\/strong><\/p>\n<p><em>&#8220;Invista em si, invista na sua equipa!&#8221;<\/em><\/p>\n<p><a href=\"https:\/\/www.facebook.com\/media\/set\/?set=a.1789340857774911.1073741854.125817984127215&amp;type=1&amp;l=0b8a2d45e7\" target=\"_blank\" rel=\"noopener\"><img loading=\"lazy\" decoding=\"async\" class=\"alignnone size-full wp-image-76\" src=\"https:\/\/www.usf-an.pt\/academia-csp\/wp-content\/uploads\/2018\/09\/galeria-imagens-acsp2-300x159.png\" alt=\"\" width=\"300\" height=\"159\" \/><\/a><\/p>\n","protected":false},"excerpt":{"rendered":"<p>Apresenta\u00e7\u00e3o P\u00fablica dos 10 melhores Trabalhos | 15 de dezembro | Aveiro Recorde os Cursos Avan\u00e7ados de Forma\u00e7\u00e3o (CAF) desenvolvidos e respetivos programas aqui. A Dire\u00e7\u00e3o da USF-AN realizou a&#8230;<\/p>\n","protected":false},"author":1,"featured_media":0,"parent":15,"menu_order":0,"comment_status":"closed","ping_status":"closed","template":"","meta":{"footnotes":""},"class_list":["post-21","page","type-page","status-publish","hentry"],"aioseo_notices":[],"_links":{"self":[{"href":"https:\/\/www.usf-an.pt\/academia-csp\/wp-json\/wp\/v2\/pages\/21","targetHints":{"allow":["GET"]}}],"collection":[{"href":"https:\/\/www.usf-an.pt\/academia-csp\/wp-json\/wp\/v2\/pages"}],"about":[{"href":"https:\/\/www.usf-an.pt\/academia-csp\/wp-json\/wp\/v2\/types\/page"}],"author":[{"embeddable":true,"href":"https:\/\/www.usf-an.pt\/academia-csp\/wp-json\/wp\/v2\/users\/1"}],"replies":[{"embeddable":true,"href":"https:\/\/www.usf-an.pt\/academia-csp\/wp-json\/wp\/v2\/comments?post=21"}],"version-history":[{"count":5,"href":"https:\/\/www.usf-an.pt\/academia-csp\/wp-json\/wp\/v2\/pages\/21\/revisions"}],"predecessor-version":[{"id":80,"href":"https:\/\/www.usf-an.pt\/academia-csp\/wp-json\/wp\/v2\/pages\/21\/revisions\/80"}],"up":[{"embeddable":true,"href":"https:\/\/www.usf-an.pt\/academia-csp\/wp-json\/wp\/v2\/pages\/15"}],"wp:attachment":[{"href":"https:\/\/www.usf-an.pt\/academia-csp\/wp-json\/wp\/v2\/media?parent=21"}],"curies":[{"name":"wp","href":"https:\/\/api.w.org\/{rel}","templated":true}]}}