{"id":19,"date":"2018-08-08T12:37:06","date_gmt":"2018-08-08T11:37:06","guid":{"rendered":"https:\/\/www.usf-an.pt\/academia-csp\/?page_id=19"},"modified":"2018-09-06T16:56:49","modified_gmt":"2018-09-06T15:56:49","slug":"1a-edicao-2016","status":"publish","type":"page","link":"https:\/\/www.usf-an.pt\/academia-csp\/edicoes-acsp\/1a-edicao-2016\/","title":{"rendered":"1\u00aa Edi\u00e7\u00e3o 2016"},"content":{"rendered":"<div class=\"wpb-content-wrapper\"><p>[vc_row][vc_column][vc_column_text]<\/p>\n<p align=\"center\"><img loading=\"lazy\" decoding=\"async\" class=\"size-full wp-image-68 aligncenter\" src=\"https:\/\/www.usf-an.pt\/academia-csp\/wp-content\/uploads\/2018\/09\/logo-academia.csp-sem-fundo-300x138a.png\" alt=\"\" width=\"300\" height=\"138\" \/><\/p>\n<p>[\/vc_column_text][vc_column_text]A Dire\u00e7\u00e3o da USF-AN (Associa\u00e7\u00e3o Nacional das Unidades de Sa\u00fade Familiar) tem o prazer de convidar toda a comunidade para participar na Apresenta\u00e7\u00e3o P\u00fablica dos Trabalhos da ACADEMIA DOS CSP, em Aveiro (Escola Superior de Sa\u00fade), que decorrer\u00e1 no dia 16 de dezembro.<\/p>\n<p>A Academia dos Cuidados de Sa\u00fade Prim\u00e1rios (ACSP) assume-se como um parceiro, um espa\u00e7o colaborativo de aprendizagem, de cidadania, promotor do desenvolvimento e do reconhecimento dos conhecimentos, das qualifica\u00e7\u00f5es e das pr\u00e1ticas dos Recursos Humanos e das Equipas dos CSP.<\/p>\n<p>O modelo de aprendizagem colaborativa, constru\u00eddo em parceria com a Universidade de Aveiro e em materializa\u00e7\u00e3o no Campus Virtual da Academia dos CSP, demonstrou ser uma oportunidade para o desenvolvimento integrado dos profissionais inscritos nos 14 Cursos Avan\u00e7ados de Forma\u00e7\u00e3o (CAF), onde foram desafiados a partilhar e amadurecer pr\u00e1ticas bem sucedidas que, ap\u00f3s processos de legitima\u00e7\u00e3o participada, ser\u00e3o apresentadas a toda a comunidade.<\/p>\n<p>Desta forma, encontrando-se em fase de encerramento a 1\u00aa edi\u00e7\u00e3o da ACSP, que arrancou no 8\u00baEncontro Nacional das USF, em maio de 2016, chega a hora de publicamente apresentar os trabalhos e projetos desenvolvidos pelos profissionais de sa\u00fade que estrearam este novo modelo de aprendizagem.<\/p>\n<p>&nbsp;<\/p>\n<p align=\"center\"><a href=\"https:\/\/app.box.com\/s\/5vfl8mu756emy3qj0r0qtw37v9fw6h5h\" target=\"_blank\" rel=\"noopener\"><img loading=\"lazy\" decoding=\"async\" class=\"alignnone size-full wp-image-71\" src=\"https:\/\/www.usf-an.pt\/academia-csp\/wp-content\/uploads\/2018\/09\/capa-programa.png\" alt=\"\" width=\"681\" height=\"963\" srcset=\"https:\/\/www.usf-an.pt\/academia-csp\/wp-content\/uploads\/2018\/09\/capa-programa.png 681w, https:\/\/www.usf-an.pt\/academia-csp\/wp-content\/uploads\/2018\/09\/capa-programa-212x300.png 212w\" sizes=\"auto, (max-width: 681px) 100vw, 681px\" \/><\/a><\/p>\n<p><strong>ATUALIZA\u00c7\u00c3O<\/strong><\/p>\n<p>Terminada a fase de avalia\u00e7\u00e3o dos trabalhos feita pelos formadores\/coordenadores de cada CAF, procedemos \u00e0 valida\u00e7\u00e3o dos mesmos pelo j\u00fari (Jo\u00e3o Rodrigues, Tito Fernandes e Paulo Santos) da ACADEMIA DOS CSP.<\/p>\n<p>Tivemos 31 trabalhos conclu\u00eddos, oriundos dos 14 CAF.<\/p>\n<p>Desses, o j\u00fari interno selecionou os dez (10) melhores da ACADEMIA DOS CSP \u2013 Edi\u00e7\u00e3o 2016.<br \/>\nOs 10 melhores trabalhos est\u00e3o convocados para a Apresenta\u00e7\u00e3o P\u00fablica, a decorrer no dia 16 de dezembro de 2016 na Escola Superior de Sa\u00fade da Universidade de Aveiro (ESSUA).<\/p>\n<p>Aos sete (7) melhores trabalhos ser\u00e1 atribuido um pr\u00e9mio, tendo em conta a nota atribu\u00edda pelo j\u00fari (Jo\u00e3o Rodrigues, Tito Fernandes, Paulo Santos e Carmo Neves), em consequ\u00eancia da avalia\u00e7\u00e3o da apresenta\u00e7\u00e3o p\u00fablica. (conhe\u00e7a os pr\u00e9mios <a href=\"https:\/\/app.box.com\/s\/gp70bzbgkvrye1g3eas0ayi9t6skkxjb\" target=\"_blank\" rel=\"noopener noreferrer\">AQUI<\/a>)<\/p>\n<p>Conhe\u00e7a os trabalhos selecionados <a href=\"https:\/\/app.box.com\/s\/p0x9bf68qp86av7rl24ls85opofwwnfo\" target=\"_blank\" rel=\"noopener noreferrer\">AQUI<\/a>[\/vc_column_text][vc_column_text]<strong>VENCEDORES:<\/strong><\/p>\n<p>(clique no t\u00edtulo do trabalho para ter acesso ao mesmo e respetiva apresenta\u00e7\u00e3o)<\/p>\n<p>&nbsp;<\/p>\n<p><em>1\u00ba PR\u00c9MIO<\/em><\/p>\n<p><strong>CAF 02 &#8211; PESSOA COM DIABETES TIPO2 NUME EQUIPA DE SA\u00daDE<\/strong><\/p>\n<p>TRABALHO &#8211; <a href=\"https:\/\/app.box.com\/s\/tybfnuhjio0uooqryqyzc7v348nsn66h\" target=\"_blank\" rel=\"noopener noreferrer\">Capacita\u00e7\u00e3o de Pessoas Com Diabetes Tipo 2 Duas USF: Um Projeto de Interven\u00e7\u00e3o<br \/>\n<\/a>USF OCEANOS E USF DO MAR<\/p>\n<p>&nbsp;<\/p>\n<p><em>2\u00ba PR\u00c9MIO<\/em><\/p>\n<p><strong>CAF 04 &#8211; ATUALIZA\u00c7\u00c3O E TREINO EM DOEN\u00c7AS RESPIRAT\u00d3RIAS<\/strong><\/p>\n<p>TRABALHO &#8211; <a href=\"https:\/\/app.box.com\/s\/8sd47bgjkd3e3eui3w7vd8cglcb79tkp\" target=\"_blank\" rel=\"noopener noreferrer\">Implementa\u00e7\u00e3o do Plano de A\u00e7\u00e3o Escrito (PAE) no tratamento do doente com asma<br \/>\n<\/a>USF SERPA PINTO<\/p>\n<p>&nbsp;<\/p>\n<p><em>3\u00ba PR\u00c9MIO<\/em><\/p>\n<p><strong>CAF 06 &#8211; SIMULA\u00c7\u00c3O DE &#8220;EMERG\u00caNCIAS CL\u00cdNICAS NAS USF&#8221;<\/strong><\/p>\n<p>TRABALHO &#8211; <a href=\"https:\/\/app.box.com\/s\/wv3f8msn20xqfulpwbnqbkjl2a8y4a6x\" target=\"_blank\" rel=\"noopener noreferrer\">Como Gerir Emerg\u00eancias M\u00e9dicas nas USF<br \/>\n<\/a>USF SANTA JOANA<\/p>\n<p>&nbsp;<\/p>\n<p><em>4\u00ba PR\u00c9MIO<\/em><\/p>\n<p><strong>CAF 03 &#8211; PROMO\u00c7\u00c3O DA SA\u00daDE MENTAL EM CSP<\/strong><\/p>\n<p>TRABALHO &#8211; <a href=\"https:\/\/app.box.com\/s\/n49rvimgixb8e4k9ifc69nn10c5u7h4q\" target=\"_blank\" rel=\"noopener noreferrer\">Dete\u00e7\u00e3o, Seguimento e Referencia\u00e7\u00e3o de Doentes com Problemas Ligados ao \u00c1lcool na USF Nuno Grande<br \/>\n<\/a>USF NUNO GRANDE<\/p>\n<p><strong>CAF 09 &#8211; CAPACITA\u00c7\u00c3O DO CIDAD\u00c3O E AUTOCUIDADOS<\/strong><\/p>\n<p>TRABALHO &#8211; <a href=\"https:\/\/app.box.com\/s\/8bw00whsqy2xpytgpu2obfijgtverybi\" target=\"_blank\" rel=\"noopener noreferrer\">Literacia em Sa\u00fade &#8211; Educar e Responsabilizar para Melhor Cuidar<br \/>\n<\/a>USF NUNO GRANDE<\/p>\n<p><strong>CAF 12 &#8211; HUMANIZA\u00c7\u00c3O E ORGANIZA\u00c7\u00c3O DO SECRETARIADO CL\u00cdNICO DE UMA USF<\/strong><\/p>\n<p>TRABALHO &#8211; <a href=\"https:\/\/app.box.com\/s\/9tpdhc3uxh0ii0kzd30wga64hh5w5yyz\" target=\"_blank\" rel=\"noopener noreferrer\">Gest\u00e3o do tempo e otimiza\u00e7\u00e3o em atendimento no Secretariado Cl\u00ednico<br \/>\n<\/a>USF MONTE PEDRAL<\/p>\n<p><strong>CAF 13 &#8211; ORIENTADORES DE FORMA\u00c7\u00c3O DE MGF &#8211; COMUNIDADES DE APRENDIZAGEM<\/strong><\/p>\n<p>TRABALHO &#8211; <a href=\"https:\/\/app.box.com\/s\/y4nfqlnnvbz1qcdo92igb8jskcumqvwa\" target=\"_blank\" rel=\"noopener noreferrer\">Dinamiza\u00e7\u00e3o do Debate Cl\u00ednico na USF Beira Ria<br \/>\n<\/a>USF BEIRA RIA<\/p>\n<p>&nbsp;<\/p>\n<p><em><strong>RESTANTES TRABALHOS A CONCURSO<\/strong><\/em><\/p>\n<p><strong>CAF 01 &#8211; TECNOLOGIAS DE INFORMA\u00c7\u00c3O E A COMUNICA\u00c7\u00c3O CL\u00cdNICA NOS CSP<\/strong><\/p>\n<p>TRABALHO &#8211; <a href=\"https:\/\/app.box.com\/s\/hw6jfxt0hk66eddwaph8eg4nrxjv83cd\" target=\"_blank\" rel=\"noopener noreferrer\">Melhoria na qualidade da comunica\u00e7\u00e3o na equipa multiprofissional<br \/>\n<\/a>USF Rainha Santa Isabel<\/p>\n<p><strong>CAF 04 &#8211; ATUALIZA\u00c7\u00c3O E TREINO EM DOEN\u00c7AS RESPIRAT\u00d3RIAS<\/strong><\/p>\n<p>TRABALHO &#8211; <a href=\"https:\/\/app.box.com\/s\/cy2azcw7lxpoovqupgcc1l1l887swnmt\" target=\"_blank\" rel=\"noopener noreferrer\">Caracteriza\u00e7\u00e3o dos utentes de uma USF com DPOC<br \/>\n<\/a>USF Sa\u00fade no Futuro<\/p>\n<p><strong>CAF 09 &#8211; CAPACITA\u00c7\u00c3O DO CIDAD\u00c3O E AUTOCUIDADOS<\/strong><\/p>\n<p>TRABALHO &#8211; <a href=\"https:\/\/app.box.com\/s\/gpzoe42ya84bf0kzvsurmcvq5f2t154v\" target=\"_blank\" rel=\"noopener noreferrer\">Qualifica\u00e7\u00e3o do Atendimento em Unidades Funcionais do Agrupamento de Centros de Sa\u00fade D\u00e3o Laf\u00f5es<br \/>\n<\/a>Conselho Cl\u00ednico e de Sa\u00fade do ACeS D\u00e3o Laf\u00f5es<\/p>\n<p>&nbsp;<\/p>\n<p>GALERIA DE FOTOS <a href=\"https:\/\/www.facebook.com\/media\/set\/?set=a.1336434203065581.1073741844.125817984127215&amp;type=3\" target=\"_blank\" rel=\"noopener noreferrer\">AQUI<\/a>[\/vc_column_text][\/vc_column][\/vc_row]<\/p>\n<\/div>","protected":false},"excerpt":{"rendered":"<p>[vc_row][vc_column][vc_column_text] [\/vc_column_text][vc_column_text]A Dire\u00e7\u00e3o da USF-AN (Associa\u00e7\u00e3o Nacional das Unidades de Sa\u00fade Familiar) tem o prazer de convidar toda a comunidade para participar na Apresenta\u00e7\u00e3o P\u00fablica dos Trabalhos da ACADEMIA DOS&#8230;<\/p>\n","protected":false},"author":1,"featured_media":0,"parent":15,"menu_order":0,"comment_status":"closed","ping_status":"closed","template":"","meta":{"footnotes":""},"class_list":["post-19","page","type-page","status-publish","hentry"],"aioseo_notices":[],"_links":{"self":[{"href":"https:\/\/www.usf-an.pt\/academia-csp\/wp-json\/wp\/v2\/pages\/19","targetHints":{"allow":["GET"]}}],"collection":[{"href":"https:\/\/www.usf-an.pt\/academia-csp\/wp-json\/wp\/v2\/pages"}],"about":[{"href":"https:\/\/www.usf-an.pt\/academia-csp\/wp-json\/wp\/v2\/types\/page"}],"author":[{"embeddable":true,"href":"https:\/\/www.usf-an.pt\/academia-csp\/wp-json\/wp\/v2\/users\/1"}],"replies":[{"embeddable":true,"href":"https:\/\/www.usf-an.pt\/academia-csp\/wp-json\/wp\/v2\/comments?post=19"}],"version-history":[{"count":6,"href":"https:\/\/www.usf-an.pt\/academia-csp\/wp-json\/wp\/v2\/pages\/19\/revisions"}],"predecessor-version":[{"id":73,"href":"https:\/\/www.usf-an.pt\/academia-csp\/wp-json\/wp\/v2\/pages\/19\/revisions\/73"}],"up":[{"embeddable":true,"href":"https:\/\/www.usf-an.pt\/academia-csp\/wp-json\/wp\/v2\/pages\/15"}],"wp:attachment":[{"href":"https:\/\/www.usf-an.pt\/academia-csp\/wp-json\/wp\/v2\/media?parent=19"}],"curies":[{"name":"wp","href":"https:\/\/api.w.org\/{rel}","templated":true}]}}